{"id":7866,"date":"2026-01-15T11:00:05","date_gmt":"2026-01-15T10:00:05","guid":{"rendered":"https:\/\/www.blaum.de\/?post_type=stellen&#038;p=7866"},"modified":"2026-01-22T15:29:19","modified_gmt":"2026-01-22T14:29:19","slug":"assistenz-rechtsanwaltsfachangestellte-r-fremdsprachenkorrespondent-in-m-w-d","status":"publish","type":"stellen","link":"https:\/\/blaum.de\/en\/stellen\/assistenz-rechtsanwaltsfachangestellte-r-fremdsprachenkorrespondent-in-m-w-d\/","title":{"rendered":"Assistenz\u00a0\/ Rechtsanwaltsfachangestellte\/r \/ Fremdsprachenkorrespondent\/in (m\/w\/d)"},"content":{"rendered":"<p>F\u00fcr unser engagiertes Wirtschaftsrechtsteam am Standort <strong>Bremen<\/strong> suchen wir ab sofort:<br><\/p>\n\n\n\n<p><strong>Assistenz<\/strong><strong>&nbsp;\/ Rechtsanwaltsfachangestellte\/r \/ Fremdsprachenkorrespondent\/in (m\/w\/d)<\/strong><\/p>\n\n\n\n<p>zur Verst\u00e4rkung unseres Teams, auch in Teilzeit und\/oder als Wiedereinsteiger\/in.<\/p>\n\n\n\n<p><strong>Wir<\/strong>&nbsp;sind eine wirtschaftsrechtlich ausgerichtete Kanzlei mit Standorten in Bremen, Hamburg und M\u00fcnchen. Unsere \u00fcberwiegend mittelst\u00e4ndischen Mandanten aus dem In- und Ausland erhalten kompetente und engagierte Unterst\u00fctzung bei der Gestaltung und Vertretung ihrer wirtschaftsrechtlichen Angelegenheiten.<\/p>\n\n\n\n<p><strong>QUALITY, COMMITMENT AND RELIABILITY!<\/strong>&nbsp;\u2013 Diesen Anspruch erf\u00fcllen wir mit unserem multidisziplin\u00e4ren Team, in dem qualifizierte Kolleginnen und Kollegen aus verschiedenen Fachbereichen motiviert und mit dem Blick f\u00fcr das Wesentliche zusammenarbeiten. Jede und jeder Einzelne unserer rund 70 Kolleginnen und Kollegen ist uns wichtig.&nbsp;<\/p>\n\n\n\n<p><strong>Eine partnerschaftliche und pers\u00f6nliche Struktur<\/strong>&nbsp;pr\u00e4gt unsere t\u00e4gliche Zusammenarbeit. Wir streben bewusst nicht das Format einer Gro\u00dfkanzlei an, sondern setzen auf eine nachhaltige Personalentwicklung und kollegiales Miteinander in einem multidisziplin\u00e4ren Team.<br><\/p>\n\n\n\n<p><strong>Sie<\/strong>&nbsp;verf\u00fcgen \u00fcber eine abgeschlossene (kaufm\u00e4nnische) Ausbildung, konnten bereits ein wenig Berufserfahrung sammeln und haben Lust unsere Rechtsanw\u00e4lte im Tagesgesch\u00e4ft unterst\u00fctzen?&nbsp;<\/p>\n\n\n\n<p>Sie behalten auch bei gr\u00f6\u00dferen Projekten den \u00dcberblick? Sie sind engagiert und belastbar, haben einen pr\u00e4zisen und selbstst\u00e4ndigen Arbeitsstil und m\u00f6gen die Arbeit im Team?<\/p>\n\n\n\n<p><strong>Dann bewerben Sie sich bei uns!&nbsp;<\/strong><\/p>\n\n\n\n<p>Starten Sie mit uns oder wagen Sie einen Neustart! Begleiten Sie uns auf unserem spannenden Weg! Flache Hierarchien, eine kommunikative Atmosph\u00e4re, ein freundliches Team \u2013 mit uns gemeinsam k\u00f6nnen Sie etwas Besonderes schaffen! Wir freuen uns auf Ihre Bewerbungsunterlagen.&nbsp;<\/p>\n\n\n\n<p><strong>Wir bieten Ihnen:<\/strong><br><\/p>\n\n\n\n<p>\u00bb abwechslungsreiche und anspruchsvolle T\u00e4tigkeiten in verschiedenen Bereichen unserer Kanzlei<\/p>\n\n\n\n<p>\u00bb ein hohes Ma\u00df an Selbstst\u00e4ndigkeit\u00a0<\/p>\n\n\n\n<p>\u00bb eine attraktive, \u00fcberdurchschnittliche Verg\u00fctung<\/p>\n\n\n\n<p>\u00bb Arbeit im Team<\/p>\n\n\n\n<p>\u00bb freundliche und engagierte Kolleginnen und Kollegen<\/p>\n\n\n\n<p>\u00bb ein sehr gutes Betriebsklima in einem modernen Arbeitsumfeld<\/p>\n\n\n\n<p>\u00bb flexible Arbeitszeiten<\/p>\n\n\n\n<p>\u00bb F\u00f6rderung Ihrer Fortbildung<\/p>\n\n\n\n<p>\u00bb Firmenfitness, Jobrad, Zuschuss zum Deutschland-Jobticket, verschiedene Firmenevents<\/p>\n\n\n\n<p>Wir freuen uns auf Ihre Bewerbung an Dr. Leif Z\u00e4nker unter&nbsp;<a href=\"mailto:karriere@blaum.de\">karriere@blaum.de<\/a>.<\/p>\n\n\n\n<p><\/p>\n\n\n\n<div class=\"wp-block-file\"><a id=\"wp-block-file--media-3bdaacd9-b879-41c0-b216-aa9435474bde\" href=\"https:\/\/blaum.de\/wp-content\/uploads\/2025\/01\/BDR-Stellenprofil-Assistenz.pdf\" target=\"_blank\" rel=\"noreferrer noopener\">BDR Stellenprofil Assistenz<\/a><a href=\"https:\/\/blaum.de\/wp-content\/uploads\/2025\/01\/BDR-Stellenprofil-Assistenz.pdf\" class=\"wp-block-file__button wp-element-button\" download aria-describedby=\"wp-block-file--media-3bdaacd9-b879-41c0-b216-aa9435474bde\">PDF Download \u203a<\/a><\/div>\n\n\n\n<p><\/p>\n\n\n\n<p><strong>Office Bremen<\/strong><\/p>\n\n\n\n<p>Am Wall 153-156<\/p>\n\n\n\n<p>28195 Bremen<\/p>","protected":false},"excerpt":{"rendered":"<p><b>Bremen<\/b> F\u00fcr unser engagiertes Wirtschaftsrechtsteam suchen wir ab sofort: Assistenz\u00a0\/ Rechtsanwaltsfachangestellte\/r \/ Fremdsprachenkorrespondent\/in (m\/w\/d). zur Verst\u00e4rkung unseres Teams, auch in Teilzeit und\/oder als Wiedereinsteiger\/in.<\/p>","protected":false},"featured_media":7867,"menu_order":0,"template":"","format":"standard","meta":{"_acf_changed":false},"categories":[20,40],"class_list":["post-7866","stellen","type-stellen","status-publish","format-standard","has-post-thumbnail","hentry","category-bremen","category-karriere"],"acf":[],"yoast_head":"<!-- This site is optimized with the Yoast SEO plugin v27.5 - https:\/\/yoast.com\/product\/yoast-seo-wordpress\/ -->\n<title>Assistenz\u00a0\/ Rechtsanwaltsfachangestellte\/r \/ Fremdsprachenkorrespondent\/in (m\/w\/d) - blaum<\/title>\n<meta name=\"description\" content=\"Assistenz \/ Rechtsanwaltsfachangestellte\/r \/ Fremdsprachenkorrespondent\/in (m\/w\/d)zur Verst\u00e4rkung unseres Teams in Bremen, auch in Teilzeit und\/oder als Wiedereinsteiger\/in.\" \/>\n<meta name=\"robots\" content=\"index, follow, max-snippet:-1, max-image-preview:large, max-video-preview:-1\" \/>\n<link rel=\"canonical\" href=\"https:\/\/blaum.de\/en\/stellen\/assistenz-rechtsanwaltsfachangestellte-r-fremdsprachenkorrespondent-in-m-w-d\/\" \/>\n<meta property=\"og:locale\" content=\"en_US\" \/>\n<meta property=\"og:type\" content=\"article\" \/>\n<meta property=\"og:title\" content=\"Assistenz\u00a0\/ Rechtsanwaltsfachangestellte\/r \/ Fremdsprachenkorrespondent\/in (m\/w\/d) - blaum\" \/>\n<meta property=\"og:description\" content=\"Assistenz \/ Rechtsanwaltsfachangestellte\/r \/ Fremdsprachenkorrespondent\/in (m\/w\/d)zur Verst\u00e4rkung unseres Teams in Bremen, auch in Teilzeit und\/oder als Wiedereinsteiger\/in.\" \/>\n<meta property=\"og:url\" content=\"https:\/\/blaum.de\/en\/stellen\/assistenz-rechtsanwaltsfachangestellte-r-fremdsprachenkorrespondent-in-m-w-d\/\" \/>\n<meta property=\"og:site_name\" content=\"blaum\" \/>\n<meta property=\"article:modified_time\" content=\"2026-01-22T14:29:19+00:00\" \/>\n<meta property=\"og:image\" content=\"https:\/\/blaum.de\/wp-content\/uploads\/2025\/01\/blaum-karriere-jungerMann-lachen-Hamburg-Bremen-Anwalt.jpg\" \/>\n\t<meta property=\"og:image:width\" content=\"1890\" \/>\n\t<meta property=\"og:image:height\" content=\"1063\" \/>\n\t<meta property=\"og:image:type\" content=\"image\/jpeg\" \/>\n<meta name=\"twitter:card\" content=\"summary_large_image\" \/>\n<script type=\"application\/ld+json\" class=\"yoast-schema-graph\">{\"@context\":\"https:\\\/\\\/schema.org\",\"@graph\":[{\"@type\":\"WebPage\",\"@id\":\"https:\\\/\\\/blaum.de\\\/stellen\\\/assistenz-rechtsanwaltsfachangestellte-r-fremdsprachenkorrespondent-in-m-w-d\\\/\",\"url\":\"https:\\\/\\\/blaum.de\\\/stellen\\\/assistenz-rechtsanwaltsfachangestellte-r-fremdsprachenkorrespondent-in-m-w-d\\\/\",\"name\":\"Assistenz\u00a0\\\/ Rechtsanwaltsfachangestellte\\\/r \\\/ Fremdsprachenkorrespondent\\\/in (m\\\/w\\\/d) - blaum\",\"isPartOf\":{\"@id\":\"https:\\\/\\\/blaum.de\\\/#website\"},\"primaryImageOfPage\":{\"@id\":\"https:\\\/\\\/blaum.de\\\/stellen\\\/assistenz-rechtsanwaltsfachangestellte-r-fremdsprachenkorrespondent-in-m-w-d\\\/#primaryimage\"},\"image\":{\"@id\":\"https:\\\/\\\/blaum.de\\\/stellen\\\/assistenz-rechtsanwaltsfachangestellte-r-fremdsprachenkorrespondent-in-m-w-d\\\/#primaryimage\"},\"thumbnailUrl\":\"https:\\\/\\\/blaum.de\\\/wp-content\\\/uploads\\\/2025\\\/01\\\/blaum-karriere-jungerMann-lachen-Hamburg-Bremen-Anwalt.jpg\",\"datePublished\":\"2026-01-15T10:00:05+00:00\",\"dateModified\":\"2026-01-22T14:29:19+00:00\",\"description\":\"Assistenz \\\/ Rechtsanwaltsfachangestellte\\\/r \\\/ Fremdsprachenkorrespondent\\\/in (m\\\/w\\\/d)zur Verst\u00e4rkung unseres Teams in Bremen, auch in Teilzeit und\\\/oder als Wiedereinsteiger\\\/in.\",\"breadcrumb\":{\"@id\":\"https:\\\/\\\/blaum.de\\\/stellen\\\/assistenz-rechtsanwaltsfachangestellte-r-fremdsprachenkorrespondent-in-m-w-d\\\/#breadcrumb\"},\"inLanguage\":\"en-US\",\"potentialAction\":[{\"@type\":\"ReadAction\",\"target\":[\"https:\\\/\\\/blaum.de\\\/stellen\\\/assistenz-rechtsanwaltsfachangestellte-r-fremdsprachenkorrespondent-in-m-w-d\\\/\"]}]},{\"@type\":\"ImageObject\",\"inLanguage\":\"en-US\",\"@id\":\"https:\\\/\\\/blaum.de\\\/stellen\\\/assistenz-rechtsanwaltsfachangestellte-r-fremdsprachenkorrespondent-in-m-w-d\\\/#primaryimage\",\"url\":\"https:\\\/\\\/blaum.de\\\/wp-content\\\/uploads\\\/2025\\\/01\\\/blaum-karriere-jungerMann-lachen-Hamburg-Bremen-Anwalt.jpg\",\"contentUrl\":\"https:\\\/\\\/blaum.de\\\/wp-content\\\/uploads\\\/2025\\\/01\\\/blaum-karriere-jungerMann-lachen-Hamburg-Bremen-Anwalt.jpg\",\"width\":1890,\"height\":1063,\"caption\":\"blaum Karriere\"},{\"@type\":\"BreadcrumbList\",\"@id\":\"https:\\\/\\\/blaum.de\\\/stellen\\\/assistenz-rechtsanwaltsfachangestellte-r-fremdsprachenkorrespondent-in-m-w-d\\\/#breadcrumb\",\"itemListElement\":[{\"@type\":\"ListItem\",\"position\":1,\"name\":\"Startseite\",\"item\":\"https:\\\/\\\/blaum.de\\\/\"},{\"@type\":\"ListItem\",\"position\":2,\"name\":\"Assistenz\u00a0\\\/ Rechtsanwaltsfachangestellte\\\/r \\\/ Fremdsprachenkorrespondent\\\/in (m\\\/w\\\/d)\"}]},{\"@type\":\"WebSite\",\"@id\":\"https:\\\/\\\/blaum.de\\\/#website\",\"url\":\"https:\\\/\\\/blaum.de\\\/\",\"name\":\"blaum\",\"description\":\"Blaum Dettmers Rabstein Rechtsanwaltspartnerschaft mbB\",\"publisher\":{\"@id\":\"https:\\\/\\\/blaum.de\\\/#organization\"},\"potentialAction\":[{\"@type\":\"SearchAction\",\"target\":{\"@type\":\"EntryPoint\",\"urlTemplate\":\"https:\\\/\\\/blaum.de\\\/?s={search_term_string}\"},\"query-input\":{\"@type\":\"PropertyValueSpecification\",\"valueRequired\":true,\"valueName\":\"search_term_string\"}}],\"inLanguage\":\"en-US\"},{\"@type\":\"Organization\",\"@id\":\"https:\\\/\\\/blaum.de\\\/#organization\",\"name\":\"Blaum Dettmers Rabstein\",\"url\":\"https:\\\/\\\/blaum.de\\\/\",\"logo\":{\"@type\":\"ImageObject\",\"inLanguage\":\"en-US\",\"@id\":\"https:\\\/\\\/blaum.de\\\/#\\\/schema\\\/logo\\\/image\\\/\",\"url\":\"https:\\\/\\\/blaum.de\\\/wp-content\\\/uploads\\\/2021\\\/04\\\/logo-blaum-dettmers-rabstein.png\",\"contentUrl\":\"https:\\\/\\\/blaum.de\\\/wp-content\\\/uploads\\\/2021\\\/04\\\/logo-blaum-dettmers-rabstein.png\",\"width\":721,\"height\":236,\"caption\":\"Blaum Dettmers Rabstein\"},\"image\":{\"@id\":\"https:\\\/\\\/blaum.de\\\/#\\\/schema\\\/logo\\\/image\\\/\"},\"sameAs\":[\"https:\\\/\\\/www.xing.com\\\/pages\\\/blaumdettmersrabstein\",\"https:\\\/\\\/www.instagram.com\\\/blaumdettmersrabstein\\\/\",\"https:\\\/\\\/www.linkedin.com\\\/uas\\\/login?session_redirect=httpswww.linkedin.comcompany6786448adminfeedposts\"]}]}<\/script>\n<!-- \/ Yoast SEO plugin. -->","yoast_head_json":{"title":"Assistenz\u00a0\/ Rechtsanwaltsfachangestellte\/r \/ Fremdsprachenkorrespondent\/in (m\/w\/d) - blaum","description":"Assistenz \/ Rechtsanwaltsfachangestellte\/r \/ Fremdsprachenkorrespondent\/in (m\/w\/d)zur Verst\u00e4rkung unseres Teams in Bremen, auch in Teilzeit und\/oder als Wiedereinsteiger\/in.","robots":{"index":"index","follow":"follow","max-snippet":"max-snippet:-1","max-image-preview":"max-image-preview:large","max-video-preview":"max-video-preview:-1"},"canonical":"https:\/\/blaum.de\/en\/stellen\/assistenz-rechtsanwaltsfachangestellte-r-fremdsprachenkorrespondent-in-m-w-d\/","og_locale":"en_US","og_type":"article","og_title":"Assistenz\u00a0\/ Rechtsanwaltsfachangestellte\/r \/ Fremdsprachenkorrespondent\/in (m\/w\/d) - blaum","og_description":"Assistenz \/ Rechtsanwaltsfachangestellte\/r \/ Fremdsprachenkorrespondent\/in (m\/w\/d)zur Verst\u00e4rkung unseres Teams in Bremen, auch in Teilzeit und\/oder als Wiedereinsteiger\/in.","og_url":"https:\/\/blaum.de\/en\/stellen\/assistenz-rechtsanwaltsfachangestellte-r-fremdsprachenkorrespondent-in-m-w-d\/","og_site_name":"blaum","article_modified_time":"2026-01-22T14:29:19+00:00","og_image":[{"width":1890,"height":1063,"url":"https:\/\/blaum.de\/wp-content\/uploads\/2025\/01\/blaum-karriere-jungerMann-lachen-Hamburg-Bremen-Anwalt.jpg","type":"image\/jpeg"}],"twitter_card":"summary_large_image","schema":{"@context":"https:\/\/schema.org","@graph":[{"@type":"WebPage","@id":"https:\/\/blaum.de\/stellen\/assistenz-rechtsanwaltsfachangestellte-r-fremdsprachenkorrespondent-in-m-w-d\/","url":"https:\/\/blaum.de\/stellen\/assistenz-rechtsanwaltsfachangestellte-r-fremdsprachenkorrespondent-in-m-w-d\/","name":"Assistenz\u00a0\/ Rechtsanwaltsfachangestellte\/r \/ Fremdsprachenkorrespondent\/in (m\/w\/d) - blaum","isPartOf":{"@id":"https:\/\/blaum.de\/#website"},"primaryImageOfPage":{"@id":"https:\/\/blaum.de\/stellen\/assistenz-rechtsanwaltsfachangestellte-r-fremdsprachenkorrespondent-in-m-w-d\/#primaryimage"},"image":{"@id":"https:\/\/blaum.de\/stellen\/assistenz-rechtsanwaltsfachangestellte-r-fremdsprachenkorrespondent-in-m-w-d\/#primaryimage"},"thumbnailUrl":"https:\/\/blaum.de\/wp-content\/uploads\/2025\/01\/blaum-karriere-jungerMann-lachen-Hamburg-Bremen-Anwalt.jpg","datePublished":"2026-01-15T10:00:05+00:00","dateModified":"2026-01-22T14:29:19+00:00","description":"Assistenz \/ Rechtsanwaltsfachangestellte\/r \/ Fremdsprachenkorrespondent\/in (m\/w\/d)zur Verst\u00e4rkung unseres Teams in Bremen, auch in Teilzeit und\/oder als Wiedereinsteiger\/in.","breadcrumb":{"@id":"https:\/\/blaum.de\/stellen\/assistenz-rechtsanwaltsfachangestellte-r-fremdsprachenkorrespondent-in-m-w-d\/#breadcrumb"},"inLanguage":"en-US","potentialAction":[{"@type":"ReadAction","target":["https:\/\/blaum.de\/stellen\/assistenz-rechtsanwaltsfachangestellte-r-fremdsprachenkorrespondent-in-m-w-d\/"]}]},{"@type":"ImageObject","inLanguage":"en-US","@id":"https:\/\/blaum.de\/stellen\/assistenz-rechtsanwaltsfachangestellte-r-fremdsprachenkorrespondent-in-m-w-d\/#primaryimage","url":"https:\/\/blaum.de\/wp-content\/uploads\/2025\/01\/blaum-karriere-jungerMann-lachen-Hamburg-Bremen-Anwalt.jpg","contentUrl":"https:\/\/blaum.de\/wp-content\/uploads\/2025\/01\/blaum-karriere-jungerMann-lachen-Hamburg-Bremen-Anwalt.jpg","width":1890,"height":1063,"caption":"blaum Karriere"},{"@type":"BreadcrumbList","@id":"https:\/\/blaum.de\/stellen\/assistenz-rechtsanwaltsfachangestellte-r-fremdsprachenkorrespondent-in-m-w-d\/#breadcrumb","itemListElement":[{"@type":"ListItem","position":1,"name":"Startseite","item":"https:\/\/blaum.de\/"},{"@type":"ListItem","position":2,"name":"Assistenz\u00a0\/ Rechtsanwaltsfachangestellte\/r \/ Fremdsprachenkorrespondent\/in (m\/w\/d)"}]},{"@type":"WebSite","@id":"https:\/\/blaum.de\/#website","url":"https:\/\/blaum.de\/","name":"blaum","description":"Blaum Dettmers Rabstein Rechtsanwaltspartnerschaft mbB","publisher":{"@id":"https:\/\/blaum.de\/#organization"},"potentialAction":[{"@type":"SearchAction","target":{"@type":"EntryPoint","urlTemplate":"https:\/\/blaum.de\/?s={search_term_string}"},"query-input":{"@type":"PropertyValueSpecification","valueRequired":true,"valueName":"search_term_string"}}],"inLanguage":"en-US"},{"@type":"Organization","@id":"https:\/\/blaum.de\/#organization","name":"Blaum Dettmers Rabstein","url":"https:\/\/blaum.de\/","logo":{"@type":"ImageObject","inLanguage":"en-US","@id":"https:\/\/blaum.de\/#\/schema\/logo\/image\/","url":"https:\/\/blaum.de\/wp-content\/uploads\/2021\/04\/logo-blaum-dettmers-rabstein.png","contentUrl":"https:\/\/blaum.de\/wp-content\/uploads\/2021\/04\/logo-blaum-dettmers-rabstein.png","width":721,"height":236,"caption":"Blaum Dettmers Rabstein"},"image":{"@id":"https:\/\/blaum.de\/#\/schema\/logo\/image\/"},"sameAs":["https:\/\/www.xing.com\/pages\/blaumdettmersrabstein","https:\/\/www.instagram.com\/blaumdettmersrabstein\/","https:\/\/www.linkedin.com\/uas\/login?session_redirect=httpswww.linkedin.comcompany6786448adminfeedposts"]}]}},"_links":{"self":[{"href":"https:\/\/blaum.de\/en\/wp-json\/wp\/v2\/stellen\/7866","targetHints":{"allow":["GET"]}}],"collection":[{"href":"https:\/\/blaum.de\/en\/wp-json\/wp\/v2\/stellen"}],"about":[{"href":"https:\/\/blaum.de\/en\/wp-json\/wp\/v2\/types\/stellen"}],"wp:featuredmedia":[{"embeddable":true,"href":"https:\/\/blaum.de\/en\/wp-json\/wp\/v2\/media\/7867"}],"wp:attachment":[{"href":"https:\/\/blaum.de\/en\/wp-json\/wp\/v2\/media?parent=7866"}],"wp:term":[{"taxonomy":"category","embeddable":true,"href":"https:\/\/blaum.de\/en\/wp-json\/wp\/v2\/categories?post=7866"}],"curies":[{"name":"wp","href":"https:\/\/api.w.org\/{rel}","templated":true}]}}